{"id":98,"date":"2025-03-09T17:00:00","date_gmt":"2025-03-09T16:00:00","guid":{"rendered":"http:\/\/m-pet.de\/?page_id=98"},"modified":"2025-03-09T19:05:22","modified_gmt":"2025-03-09T18:05:22","slug":"lehrtaetigkeit","status":"publish","type":"page","link":"https:\/\/m-pet.de\/?page_id=98","title":{"rendered":"Lehrt\u00e4tigkeit"},"content":{"rendered":"\n<p>Seit vielen Jahren bin ich f\u00fcr Rettungsschulen und andere Bildungseinrichtungen t\u00e4tig. Hier finden Sie einen Auszug aus meinen bisherigen T\u00e4tigkeiten.<\/p>\n\n\n\n<p><strong><a href=\"https:\/\/www.fom.de\/content\/fom\/bachelor-management-in-der-gefahrenabwehr.html\" data-type=\"link\" data-id=\"https:\/\/www.fom.de\/content\/fom\/bachelor-management-in-der-gefahrenabwehr.html\" target=\"_blank\" rel=\"noreferrer noopener\">FOM<\/a> &#8211; Hochschule f\u00fcr Oekonomie &amp; Management<\/strong> &#8211; Seit 11-2024 bin ich Lehrbeauftragter im Studiengang Management in der Gefahrenabwehr. Ich betreue das Modul Spezialisierung im Rettungsdienst und hier &#8222;Besondere und zuk\u00fcnftige Einsatzbereiche im Rettungsdienst&#8220;. <\/p>\n\n\n\n<p style=\"font-size:18px\"><strong>Rettungsschulen:<\/strong><\/p>\n\n\n\n<p>F\u00fcr <a href=\"https:\/\/www.medi-learn-praeklinik.de\/\" target=\"_blank\" rel=\"noreferrer noopener\">Medilearn Pr\u00e4klinik<\/a> bin ich seit September 2017 t\u00e4tig. Ich bin in der Aus- und Fortbildung f\u00fcr Not\u00e4rzte beteiligt. Au\u00dferdem bilde ich Leitende Not\u00e4rzte und Organisatorische Leiter aus.<\/p>\n\n\n\n<p>Von 2008 bis 2014 begleitete ich die Ausbildung von Rettungssanit\u00e4tern und Rettungsassistenten an der&nbsp;<a href=\"https:\/\/www.drk-leer.de\/angebote\/drk-rettungsschule-leer\/rettungsschule.html\" target=\"_blank\" rel=\"noreferrer noopener\">DRK Rettungsschule Leer<\/a>. Seit 2024 bin ich wieder in diesem Bereich t\u00e4tig. Ich widme mich der Ausbildung von Notfallsanit\u00e4tern. Au\u00dferdem beteilige ich mich an der Fortbildung f\u00fcr Praxisanleiter.<\/p>\n\n\n\n<p>F\u00fcr die&nbsp;<a href=\"http:\/\/www.johanniter.de\/kurse\/beruf-und-einsatz\/johanniter-bildungsstaetten\/hannover\/\" data-type=\"link\" data-id=\"http:\/\/www.johanniter.de\/kurse\/beruf-und-einsatz\/johanniter-bildungsstaetten\/hannover\/\" target=\"_blank\" rel=\"noreferrer noopener\">Johanniter-Akademie<\/a>&nbsp;unterrichtete ich in den Jahren 2017 und 2018 am Bildungsinstitut Hannover angehende Notfallsanit\u00e4terinnen und Notfallsanit\u00e4ter. Die Themenschwerpunkte meiner Lehrt\u00e4tigkeit umfassten das Rettungsdienstmanagement sowie die organisatorische Leitung bei rettungsdienstlichen Gro\u00dfeins\u00e4tzen.<\/p>\n\n\n\n<p>Im M\u00e4rz 2017 f\u00fchrte ich f\u00fcr die&nbsp;<a href=\"http:\/\/rettungsschule-lifetime.de\/\" target=\"_blank\" rel=\"noreferrer noopener\">Rettungsschule Lifetime<\/a>&nbsp;eine &#8222;Weiterbildung zum Organisatorischen Leiter&#8220; durch.<\/p>\n\n\n\n<p>Von Februar 2015 bis 2017 unterrichtete ich an der&nbsp;<a href=\"https:\/\/www.malteser-nellinghof.de\/\" data-type=\"link\" data-id=\"https:\/\/www.malteser-nellinghof.de\/\" target=\"_blank\" rel=\"noreferrer noopener\">Malteser Rettungsschule Nellinghof<\/a>. Ich bildete F\u00fchrungskr\u00e4fte der Malteser zu den Themen &#8222;Bedarfsplanung im Rettungsdienst&#8220; und &#8222;Rettungsdienstmanagement&#8220; aus.<\/p>\n\n\n\n<p>F\u00fcr die&nbsp;<a href=\"https:\/\/www.rettungsschule.de\/\" target=\"_blank\" rel=\"noreferrer noopener\">DRK Rettungsschule Niedersachsen<\/a>&nbsp;am Standort Hude arbeitete ich von 2016 bis 2018. Ich war in der Ausbildung von Notfallsanit\u00e4terinnen und Notfallsanit\u00e4tern eingebunden. Mein Schwerpunkt lag auf dem Lernfeld 11 &#8211; Komplexe Einsatzsituationen.<\/p>\n\n\n\n<p>In den Jahren 2012 und 2013 schulte ich F\u00fchrungskr\u00e4fte des&nbsp;<a href=\"https:\/\/drklvnds.de\/\" data-type=\"link\" data-id=\"https:\/\/drklvnds.de\/\" target=\"_blank\" rel=\"noreferrer noopener\">DRK Landesverbandes Niedersachsen<\/a>&nbsp;im Bereich der Bedarfsplanung im Rettungsdienst.&nbsp;<\/p>\n\n\n\n<p>Von 2008 bis 2018 war ich an der&nbsp;<a href=\"http:\/\/rettungsschule.de\" target=\"_blank\" rel=\"noreferrer noopener\">DRK Rettungsschule Niedersachsen<\/a>&nbsp;am Standort Goslar t\u00e4tig. Ich arbeitete in verschiedenen Themenbereichen der Weiterbildung. Dies umfasste die Qualifizierung zum Organisatorischen Leiter und zum Leiter von Rettungswachen.<\/p>\n\n\n\n<p>F\u00fcr die&nbsp;<a href=\"http:\/\/www.johanniter.de\/kurse\/beruf-und-einsatz\/johanniter-bildungsstaetten\/hannover\/\" data-type=\"link\" data-id=\"http:\/\/www.johanniter.de\/kurse\/beruf-und-einsatz\/johanniter-bildungsstaetten\/hannover\/\" target=\"_blank\" rel=\"noreferrer noopener\">Johanniter-Akademie Bildungsinstitut Hannover<\/a> war ich in den Jahren 2006 und 2007 t\u00e4tig. Ich war an der Ausbildung von Rettungsassistenten der Bundeswehr in Bad Zwischenahn beteiligt.<\/p>\n\n\n\n<p>In den Jahren 2004 bis 2006 war ich am Bundeswehrkrankenhaus Bad Zwischenahn t\u00e4tig. Dort war ich in der Ausbildung von Rettungsassistentinnen und Rettungsassistenten der Bundeswehr beteiligt.<\/p>\n\n\n\n<p><\/p>\n\n\n\n<p><strong><a href=\"https:\/\/www.nsi-hsvn.de\" target=\"_blank\" rel=\"noreferrer noopener\">Nieders\u00e4chsisches Studieninstitut f\u00fcr kommunale Verwaltung<\/a>:<\/strong><\/p>\n\n\n\n<ul class=\"wp-block-list\">\n<li>ab 2012: Seminare mit dem Themenschwerpunkt: Rettungsdienstliche Bedarfsplanung<\/li>\n<\/ul>\n\n\n\n<p><a href=\"http:\/\/drk-ammerland.de\/page\/cms\/1_STARTSEITE.html\" target=\"_blank\" rel=\"noreferrer noopener\"><strong>Deutsches Rotes Kreuz &#8211; Kreisverband Ammerland e.V.<\/strong> <\/a><\/p>\n\n\n\n<ul class=\"wp-block-list\">\n<li>12\/2018: Schweigepflicht im Sanit\u00e4ts- und Rettungsdienst<\/li>\n\n\n\n<li>09\/2018: Modul Einsatz: Organisation von Rettungsdienst und Gro\u00dfschadensereignis<\/li>\n\n\n\n<li>03\/2017: &#8222;Schweigepflicht im Sanit\u00e4ts- und Rettungsdienst<\/li>\n\n\n\n<li>02\/2017: &#8222;Organisation Sanit\u00e4tsdienst &#8211; Schnittstelle Kommunalverwaltung&#8220; (Veranstaltungen nach dem Versammlungsst\u00e4ttenrecht)<\/li>\n<\/ul>\n\n\n\n<p><\/p>\n","protected":false},"excerpt":{"rendered":"<p>Seit vielen Jahren bin ich f\u00fcr Rettungsschulen und andere Bildungseinrichtungen t\u00e4tig. Hier finden Sie einen Auszug aus meinen bisherigen T\u00e4tigkeiten. FOM &#8211; Hochschule f\u00fcr Oekonomie &amp; Management &#8211; Seit 11-2024 bin ich Lehrbeauftragter im Studiengang Management in der Gefahrenabwehr. Ich betreue das Modul Spezialisierung im Rettungsdienst und hier &#8222;Besondere und zuk\u00fcnftige Einsatzbereiche im Rettungsdienst&#8220;. Rettungsschulen:<\/p><\/div>\n<div class=\"blog-btn\"><a href=\"https:\/\/m-pet.de\/?page_id=98\" class=\"home-blog-btn\">Weiterlesen<\/a><\/p>\n","protected":false},"author":1,"featured_media":0,"parent":10,"menu_order":0,"comment_status":"closed","ping_status":"closed","template":"","meta":{"footnotes":""},"class_list":["post-98","page","type-page","status-publish","hentry"],"_links":{"self":[{"href":"https:\/\/m-pet.de\/index.php?rest_route=\/wp\/v2\/pages\/98","targetHints":{"allow":["GET"]}}],"collection":[{"href":"https:\/\/m-pet.de\/index.php?rest_route=\/wp\/v2\/pages"}],"about":[{"href":"https:\/\/m-pet.de\/index.php?rest_route=\/wp\/v2\/types\/page"}],"author":[{"embeddable":true,"href":"https:\/\/m-pet.de\/index.php?rest_route=\/wp\/v2\/users\/1"}],"replies":[{"embeddable":true,"href":"https:\/\/m-pet.de\/index.php?rest_route=%2Fwp%2Fv2%2Fcomments&post=98"}],"version-history":[{"count":0,"href":"https:\/\/m-pet.de\/index.php?rest_route=\/wp\/v2\/pages\/98\/revisions"}],"up":[{"embeddable":true,"href":"https:\/\/m-pet.de\/index.php?rest_route=\/wp\/v2\/pages\/10"}],"wp:attachment":[{"href":"https:\/\/m-pet.de\/index.php?rest_route=%2Fwp%2Fv2%2Fmedia&parent=98"}],"curies":[{"name":"wp","href":"https:\/\/api.w.org\/{rel}","templated":true}]}}