{"id":720,"date":"2025-03-09T17:00:00","date_gmt":"2025-03-09T16:00:00","guid":{"rendered":"https:\/\/m-pet.de\/?page_id=720"},"modified":"2025-03-09T19:10:03","modified_gmt":"2025-03-09T18:10:03","slug":"andere-bundeslaender","status":"publish","type":"page","link":"https:\/\/m-pet.de\/?page_id=720","title":{"rendered":"BW, BY, BB, HB"},"content":{"rendered":"\n<p><strong>Baden-W\u00fcrttemberg (BW)<\/strong><\/p>\n\n\n\n<ul class=\"wp-block-list\"><li><a rel=\"noopener noreferrer\" href=\"http:\/\/www.landesrecht-bw.de\/jportal\/?quelle=jlink&amp;query=RettDG+BW&amp;psml=bsbawueprod.psml&amp;max=true&amp;aiz=true\" target=\"_blank\">Gesetz \u00fcber den Rettungsdienst (RDG)<\/a><\/li><li><a rel=\"noreferrer noopener\" href=\"https:\/\/im.baden-wuerttemberg.de\/fileadmin\/redaktion\/m-im\/intern\/dateien\/pdf\/Rettungsdienstplan_2014_.pdf\" target=\"_blank\">Rettungsdienstplan 2014<\/a>&nbsp;<\/li><li><a rel=\"noreferrer noopener\" href=\"https:\/\/www.skverlag.de\/fileadmin\/files_content\/Gesetze_und_Verordnungen\/Baden-Wuerttemberg_Handlungsempfehlunge_3-0.pdf\" target=\"_blank\">Handlungsempfehlungen NotSan Ba-W\u00fc<\/a><\/li><li><a rel=\"noreferrer noopener\" aria-label=\"Verwaltungsvorschrift des Innenministeriums \u00fcber die F\u00f6rderung von Investitionen nach dem Rettungsdienstgesetz (VwV F\u00f6rderung Rettungsdienst - VwV-F-RD) vom 04.06.2019  (\u00f6ffnet in neuem Tab)\" href=\"http:\/\/www.landesrecht-bw.de\/jportal\/?quelle=jlink&amp;query=VVBW-IM-20190604-SF&amp;psml=bsbawueprod.psml&amp;max=true&amp;aiz=true\" target=\"_blank\">Verwaltungsvorschrift des Innenministeriums \u00fcber die F\u00f6rderung von Investitionen nach dem Rettungsdienstgesetz (VwV F\u00f6rderung Rettungsdienst &#8211; VwV-F-RD) vom 04.06.2019 <\/a><\/li><li><a rel=\"noreferrer noopener\" href=\"http:\/\/www.landesrecht-bw.de\/jportal\/?quelle=jlink&amp;query=ErsthelfV+BW&amp;psml=bsbawueprod.psml&amp;max=true&amp;aiz=true\" target=\"_blank\">Verordnung des Innenministeriums \u00fcber die Mitwirkung von Helfer-vor-Ort-Systemen in Erg\u00e4nzung zur Notfallrettung (Ersthelferverordnung &#8211; VOHvO)<\/a><\/li><li><a rel=\"noreferrer noopener\" href=\"http:\/\/www.landesrecht-bw.de\/jportal\/?quelle=jlink&amp;query=KrTUEigV+BW&amp;psml=bsbawueprod.psml&amp;max=true&amp;aiz=true\" target=\"_blank\">Verordnung des Ministeriums f\u00fcr Arbeit und Soziales \u00fcber die fachliche Eignung von Krankentransportunternehmern<\/a><\/li><li>Link Ministerium f\u00fcr Inneres Baden W\u00fcrttemberg&nbsp;<\/li><li><a rel=\"noreferrer noopener\" href=\"https:\/\/www.sqrbw.de\/de\" target=\"_blank\">Stelle zur tr\u00e4ger\u00fcberreifenden Qualit\u00e4tssicherung im Rettungsdienst Baden-W\u00fcrttemberg<\/a><\/li><li><a rel=\"noreferrer noopener\" href=\"http:\/\/www.landesrecht-bw.de\/jportal\/?quelle=jlink&amp;query=VSt%C3%A4ttV+BW+Inhaltsverzeichnis&amp;psml=bsbawueprod.psml&amp;max=true\" target=\"_blank\">Versammlungsst\u00e4ttenverordnung (VSt\u00e4ttVO)<\/a><\/li><li><a aria-label=\"Landtag Baden-W\u00fcrttemberg (opens in a new tab)\" rel=\"noreferrer noopener\" href=\"https:\/\/www.landtag-bw.de\/home.html\" target=\"_blank\">Landtag Baden-W\u00fcrttemberg<\/a> &#8211; <a aria-label=\"Drucksachen (opens in a new tab)\" rel=\"noreferrer noopener\" href=\"https:\/\/www.landtag-bw.de\/home\/dokumente\/drucksachen.html\" target=\"_blank\">Drucksachen<\/a><\/li><li><a rel=\"noreferrer noopener\" aria-label=\"Polizeigesetz BaW\u00fc (\u00f6ffnet in neuem Tab)\" href=\"http:\/\/www.landesrecht-bw.de\/jportal\/?quelle=jlink&amp;query=PolG+BW+Inhaltsverzeichnis&amp;psml=bsbawueprod.psml&amp;max=true\" target=\"_blank\">Polizeigesetz BaW\u00fc<\/a><\/li><li><a href=\"http:\/\/www.landesrecht-bw.de\/jportal\/?quelle=jlink&amp;query=KatSchG+BW&amp;psml=bsbawueprod.psml&amp;max=true&amp;aiz=true\" target=\"_blank\" rel=\"noreferrer noopener\" aria-label=\"Gesetz \u00fcber den Katastrophenschutz (LKatSG)  (\u00f6ffnet in neuem Tab)\">Gesetz \u00fcber den Katastrophenschutz (LKatSG) <\/a><\/li><li><a rel=\"noreferrer noopener\" aria-label=\"Gesetz \u00fcber Hilfen und Schutzma\u00dfnahmen bei psychischen Krankheiten (Psychisch-Kranken-Hilfe-Gesetz - PsychKHG) (\u00f6ffnet in neuem Tab)\" href=\"http:\/\/www.landesrecht-bw.de\/jportal\/?quelle=jlink&amp;query=PsychKG+BW&amp;psml=bsbawueprod.psml&amp;max=true&amp;aiz=true\" target=\"_blank\">Gesetz \u00fcber Hilfen und Schutzma\u00dfnahmen bei psychischen Krankheiten (Psychisch-Kranken-Hilfe-Gesetz &#8211; PsychKHG)<\/a><\/li><\/ul>\n\n\n\n<p><strong>Bayern (BY)<\/strong><\/p>\n\n\n\n<ul class=\"wp-block-list\"><li><a rel=\"noopener noreferrer\" href=\"http:\/\/www.bayerisches-innenministerium.de\/sus\/rettungswesen\/index.php\" target=\"_blank\">Bayrisches Staatsministerium des Inneren und f\u00fcr Integration<\/a><\/li><li><a rel=\"noopener noreferrer\" href=\"http:\/\/www.gesetze-bayern.de\/Content\/Document\/BayRDG\" target=\"_blank\">Bayrisches Rettungsdienstgesetz (BayRDG)<\/a><\/li><li><a rel=\"noopener noreferrer\" href=\"http:\/\/www.gesetze-bayern.de\/Content\/Document\/BayAVRDG\" target=\"_blank\">Verordnung zur Ausf\u00fchrung des Bayerischen Rettungsdienstgesetzes (AVBayRDG)<\/a><\/li><li><a rel=\"noopener noreferrer\" href=\"http:\/\/www.gesetze-bayern.de\/Content\/Document\/BayILSG\" target=\"_blank\">Gesetz \u00fcber die Errichtung und den Betrieb Integrierter Leitstellen (ILSG)<\/a><\/li><li><a rel=\"noopener noreferrer\" href=\"http:\/\/www.zrf-bayern.de\/\" target=\"_blank\">Arbeitsgemeinschaft der Zweckverb\u00e4nde f\u00fcr Rettungsdienst und Feuerwehralarmierung in Bayern (ARGE ZRF)<\/a><\/li><li><a aria-label=\"Bayerische Rettungssanit\u00e4terverordnung (BayRettSanV) (\u00f6ffnet in neuem Tab)\" rel=\"noreferrer noopener\" href=\"https:\/\/www.gesetze-bayern.de\/Content\/Document\/BayRettSanV\/True\" target=\"_blank\">Bayerische Rettungssanit\u00e4terverordnung (BayRettSanV)<\/a> vom 23.04.2015, die durch \u00a7 1 Abs. 168 der Verordnung vom 26. M\u00e4rz 2019 (GVBl. S. 98) ge\u00e4ndert worden ist<\/li><li><a rel=\"noreferrer noopener\" href=\"http:\/\/www.inm-online.de\/de\/\" target=\"_blank\">Institut f\u00fcr Notfallmedizin und Medizinmanagement&nbsp;<\/a><\/li><li><a aria-label=\"Bayerischer Landtag (opens in a new tab)\" rel=\"noreferrer noopener\" href=\"https:\/\/www.bayern.landtag.de\/\" target=\"_blank\">Bayerischer Landtag<\/a> &#8211; Dokumente<\/li><li><a aria-label=\"\u00c4rztlicher Leiter Rettungsdienst Bayern - Rettungsdienstausschuss (\u00f6ffnet in neuem Tab)\" rel=\"noreferrer noopener\" href=\"http:\/\/www.aelrd-bayern.de\/index.php?option=com_content&amp;view=article&amp;id=282&amp;Itemid=321\" target=\"_blank\">\u00c4rztlicher Leiter Rettungsdienst Bayern &#8211; Rettungsdienstausschuss<\/a><\/li><li><a aria-label=\"Rettungsdienstausschuss - Informationsschreiben &amp; Stellungnahmen (\u00f6ffnet in neuem Tab)\" rel=\"noreferrer noopener\" href=\"http:\/\/www.aelrd-bayern.de\/index.php?option=com_content&amp;view=article&amp;id=286&amp;Itemid=592\" target=\"_blank\">Rettungsdienstausschuss &#8211; Informationsschreiben &amp; Stellungnahmen<\/a><\/li><li><a aria-label=\"Arbeitsgemeinschaft der bayrischen Herzinfarkt - Netzwerke (\u00f6ffnet in neuem Tab)\" rel=\"noreferrer noopener\" href=\"http:\/\/www.herzinfarkt-netzwerk.de.\/index.php\" target=\"_blank\">Arbeitsgemeinschaft der bayrischen Herzinfarkt &#8211; Netzwerke<\/a><\/li><li><a rel=\"noreferrer noopener\" aria-label=\"Gesetz \u00dcber die Aufgaben und Befugnisse der Bayrischen Staatlichen Polizei (Polizeiaufgabengesetz \u2013 PAG) (\u00f6ffnet in neuem Tab)\" href=\"https:\/\/www.gesetze-bayern.de\/Content\/Document\/BayPAG\/True\" target=\"_blank\">Gesetz \u00fcber die Aufgaben und Befugnisse der Bayrischen Staatlichen Polizei (Polizeiaufgabengesetz \u2013 PAG)<\/a><\/li><li><a rel=\"noreferrer noopener\" aria-label=\"Gesetz \u00fcber die Organisation der Bayrischen Polizei (Polizeiorganisationsgesetz - POG) (\u00f6ffnet in neuem Tab)\" href=\"https:\/\/www.gesetze-bayern.de\/Content\/Document\/BayPOG\/True\" target=\"_blank\">Gesetz \u00fcber die Organisation der Bayerischen Polizei (Polizeiorganisationsgesetz &#8211; POG)<\/a><\/li><li><a rel=\"noreferrer noopener\" aria-label=\"Bayerisches Psychisch-Kranken-Hilfe-Gesetz (BayPsychKHG) (\u00f6ffnet in neuem Tab)\" href=\"https:\/\/www.gesetze-bayern.de\/Content\/Document\/BayPsychKHG\/True\" target=\"_blank\">Bayerisches Psychisch-Kranken-Hilfe-Gesetz (BayPsychKHG)<\/a><\/li><li><a href=\"https:\/\/www.gesetze-bayern.de\/Content\/Document\/BayKatSchutzG\/True\" target=\"_blank\" rel=\"noreferrer noopener\" aria-label=\"Bayerisches Katastrophenschutzgesetz (BayKSG) (\u00f6ffnet in neuem Tab)\">Bayerisches Katastrophenschutzgesetz (BayKSG)<\/a><\/li><\/ul>\n\n\n\n<p><strong>Brandenburg (BB)<\/strong><\/p>\n\n\n\n<ul class=\"wp-block-list\"><li><a rel=\"noreferrer noopener\" aria-label=\" (\u00f6ffnet in neuem Tab)\" href=\"https:\/\/bravors.brandenburg.de\/gesetze\/bbgrettg\" target=\"_blank\">Brandenburgisches Rettungsdienstgesetz (BbgRettG)<\/a> zuletzt ge\u00e4ndert durch Artikel 2 des Gesetzes vom 19. Juni 2019 (<a rel=\"noreferrer noopener\" href=\"http:\/\/bravors.brandenburg.de\/br2\/sixcms\/media.php\/76\/GVBl_I_42_2019.pdf\" target=\"_blank\">GVBl.I\/19, [Nr. 42]<\/a>, S.11)<\/li><li><a rel=\"noreferrer noopener\" aria-label=\"Gesetz \u00fcber den Brandschutz, die Hilfeleistung und den Katastrophenschutz des Landes Brandenburg (\u00f6ffnet in neuem Tab)\" href=\"https:\/\/bravors.brandenburg.de\/gesetze\/bbgbkg\" target=\"_blank\">Gesetz \u00fcber den Brandschutz, die Hilfeleistung und den Katastrophenschutz des Landes Brandenburg<\/a> (BbgBKG vom 24.05.2004 (<a rel=\"noreferrer noopener\" href=\"https:\/\/bravors.brandenburg.de\/br2\/sixcms\/media.php\/76\/GVBl_I_09_2004.pdf\" target=\"_blank\">GVBl.I\/04, [Nr. 09]<\/a>, S.197) zuletzt ge\u00e4ndert durch Artikel 2 des Gesetzes vom 19. Juni 2019 (<a rel=\"noreferrer noopener\" href=\"https:\/\/bravors.brandenburg.de\/br2\/sixcms\/media.php\/76\/GVBl_I_43_2019.pdf\" target=\"_blank\">GVBl.I\/19, [Nr. 43]<\/a>, S.25)<\/li><li><a rel=\"noopener noreferrer\" href=\"http:\/\/bravors.brandenburg.de\/verordnungen\/lsdv\" target=\"_blank\">Leitstellendisponentenverordnung (LSDV)<\/a><\/li><li><a rel=\"noopener noreferrer\" href=\"http:\/\/bravors.brandenburg.de\/verordnungen\/lrdpv\" target=\"_blank\">Landesrettungsdienstplanverordnung (LRDPV)<\/a><\/li><li><a rel=\"noreferrer noopener\" aria-label=\"Regionalleitstellenverordnung (RLSV) (\u00f6ffnet in neuem Tab)\" href=\"https:\/\/bravors.brandenburg.de\/verordnungen\/rlsv_2007\" target=\"_blank\">Regionalleitstellenverordnung (RLSV)<\/a><\/li><li>Land Brandenburg (Landesregierung)<\/li><li><a rel=\"noreferrer noopener\" aria-label=\"Landtag Brandenburg (opens in a new tab)\" href=\"https:\/\/www.landtag.brandenburg.de\/de\/startseite\" target=\"_blank\">Landtag Brandenburg<\/a> &#8211; <a aria-label=\"Drucksachen (opens in a new tab)\" rel=\"noreferrer noopener\" href=\"https:\/\/www.landtag.brandenburg.de\/de\/parlament\/drucksachen\/827209\" target=\"_blank\">Drucksachen<\/a><\/li><li><a rel=\"noreferrer noopener\" aria-label=\"Gesetz \u00fcber die Aufgaben, Befugnisse, Organisation und Zust\u00e4ndigkeit der Polizei im Land Brandenburg (Brandenburgisches Polizeigesetz - BbgPolG) (\u00f6ffnet in neuem Tab)\" href=\"https:\/\/bravors.brandenburg.de\/gesetze\/bbgpolg\" target=\"_blank\">Gesetz \u00fcber die Aufgaben, Befugnisse, Organisation und Zust\u00e4ndigkeit der Polizei im Land Brandenburg (Brandenburgisches Polizeigesetz &#8211; BbgPolG)<\/a><\/li><li><a href=\"https:\/\/bravors.brandenburg.de\/gesetze\/bbgpsychkg\" target=\"_blank\" rel=\"noreferrer noopener\" aria-label=\"Brandenburgisches Psychisch-Kranken-Gesetz (BbgPsychKG) (\u00f6ffnet in neuem Tab)\">Brandenburgisches Psychisch-Kranken-Gesetz (BbgPsychKG)<\/a><\/li><\/ul>\n\n\n\n<p><strong>Bremen (HB)<\/strong><\/p>\n\n\n\n<ol class=\"wp-block-list\"><li>Senator f\u00fcr Inneres &#8211; <a rel=\"noreferrer noopener\" href=\"https:\/\/www.inneres.bremen.de\/inneres\/innere_sicherheit\/rettungswesen-2151\" target=\"_blank\">Rettungswesen<\/a><\/li><li><a href=\"https:\/\/www.transparenz.bremen.de\/metainformationen\/bremisches-hilfeleistungsgesetz-bremhilfeg-vom-21-juni-2016-184266?asl=bremen203_tpgesetz.c.55340.de&amp;template=20_gp_ifg_meta_detail_d\" target=\"_blank\" rel=\"noreferrer noopener\">BremischesHilfeleistungsgesetz (BremHilfeG)<\/a><\/li><li><a rel=\"noreferrer noopener\" href=\"https:\/\/www.inneres.bremen.de\/sixcms\/media.php\/13\/00%2BRMBPlan%2Bbodengeb.%2BRD%2BBremen%2Bab%2B6-1-2007.pdf\" target=\"_blank\">Rettungsmittelbedarfsplan<\/a> (Stand: 2002) <a rel=\"noreferrer noopener\" href=\"https:\/\/www.inneres.bremen.de\/sixcms\/media.php\/13\/09%2BRMBPlan%2Bbodengeb.%2BRD%2BAnlage%2BStand%2B21-01-2008.pdf\" target=\"_blank\">Anlage<\/a><\/li><li><a rel=\"noreferrer noopener\" href=\"https:\/\/www.transparenz.bremen.de\/sixcms\/detail.php?gsid=bremen2014_tp.c.66510.de&amp;asl=bremen203_tpgesetz.c.55340.de&amp;template=20_gp_ifg_meta_detail_d\" target=\"_blank\">Vertrag zwischen der Stadt Bremen und der Stadt Bremerhaven<\/a><\/li><li>Entwicklung der Einsatzsituation (Bremer Senat-Kleine Anfrage vom 04.04.2018<\/li><li>Suche &#8222;<a rel=\"noreferrer noopener\" href=\"https:\/\/www.transparenz.bremen.de\/sixcms\/detail.php?gsid=kogis_tp_berlin01.c.85851.de&amp;_article_id=1464&amp;fulltext=Rettungsdienst&amp;id=46452&amp;bremvor_flag_fruehere_fassung=off&amp;inkraft_check=%5B%2A+TO+NOW%5D&amp;searchStr=Rettungsdienst&amp;p=1&amp;max=10&amp;skip=0\" target=\"_blank\">Rettungsdienst<\/a>&#8220; im Transparenzportal Bremen<\/li><li><a aria-label=\"Bremer B\u00fcrgerschaft (opens in a new tab)\" rel=\"noreferrer noopener\" href=\"https:\/\/www.bremische-buergerschaft.de\/\" target=\"_blank\">Bremer B\u00fcrgerschaft<\/a> &#8211; <a aria-label=\"Drucksachen (opens in a new tab)\" rel=\"noreferrer noopener\" href=\"https:\/\/www.bremische-buergerschaft.de\/index.php?id=505\" target=\"_blank\">Drucksachen<\/a><\/li><\/ol>\n\n\n\n<p><\/p>\n","protected":false},"excerpt":{"rendered":"<p>Baden-W\u00fcrttemberg (BW) Gesetz \u00fcber den Rettungsdienst (RDG) Rettungsdienstplan 2014&nbsp; Handlungsempfehlungen NotSan Ba-W\u00fc Verwaltungsvorschrift des Innenministeriums \u00fcber die F\u00f6rderung von Investitionen nach dem Rettungsdienstgesetz (VwV F\u00f6rderung Rettungsdienst &#8211; VwV-F-RD) vom 04.06.2019 Verordnung des Innenministeriums \u00fcber die Mitwirkung von Helfer-vor-Ort-Systemen in Erg\u00e4nzung zur Notfallrettung (Ersthelferverordnung &#8211; VOHvO) Verordnung des Ministeriums f\u00fcr Arbeit und Soziales \u00fcber die fachliche<\/p><\/div>\n<div class=\"blog-btn\"><a href=\"https:\/\/m-pet.de\/?page_id=720\" class=\"home-blog-btn\">Weiterlesen<\/a><\/p>\n","protected":false},"author":1,"featured_media":0,"parent":0,"menu_order":9,"comment_status":"closed","ping_status":"closed","template":"","meta":{"footnotes":""},"class_list":["post-720","page","type-page","status-publish","hentry"],"_links":{"self":[{"href":"https:\/\/m-pet.de\/index.php?rest_route=\/wp\/v2\/pages\/720","targetHints":{"allow":["GET"]}}],"collection":[{"href":"https:\/\/m-pet.de\/index.php?rest_route=\/wp\/v2\/pages"}],"about":[{"href":"https:\/\/m-pet.de\/index.php?rest_route=\/wp\/v2\/types\/page"}],"author":[{"embeddable":true,"href":"https:\/\/m-pet.de\/index.php?rest_route=\/wp\/v2\/users\/1"}],"replies":[{"embeddable":true,"href":"https:\/\/m-pet.de\/index.php?rest_route=%2Fwp%2Fv2%2Fcomments&post=720"}],"version-history":[{"count":0,"href":"https:\/\/m-pet.de\/index.php?rest_route=\/wp\/v2\/pages\/720\/revisions"}],"wp:attachment":[{"href":"https:\/\/m-pet.de\/index.php?rest_route=%2Fwp%2Fv2%2Fmedia&parent=720"}],"curies":[{"name":"wp","href":"https:\/\/api.w.org\/{rel}","templated":true}]}}